{"id":1332,"date":"2015-07-16T09:12:44","date_gmt":"2015-07-16T09:12:44","guid":{"rendered":"https:\/\/maitemaruri.com\/biography\/"},"modified":"2025-10-23T10:55:35","modified_gmt":"2025-10-23T10:55:35","slug":"biography","status":"publish","type":"page","link":"https:\/\/maitemaruri.com\/en\/biography\/","title":{"rendered":"Biography"},"content":{"rendered":"\n<style type=\"text\/css\" data-created_by=\"avia_inline_auto\" id=\"style-css-av-ksq96zwr-a61a2fc58ee50d14907c18a102095ad7\">\n.avia-section.av-ksq96zwr-a61a2fc58ee50d14907c18a102095ad7{\nbackground-repeat:no-repeat;\nbackground-image:url(https:\/\/maitemaruri.com\/wp-content\/uploads\/2021\/08\/maite-maruri-cantante-biografia.jpg);\nbackground-position:50% 50%;\nbackground-attachment:scroll;\n}\n<\/style>\n<div id='av_section_1'  class='avia-section av-ksq96zwr-a61a2fc58ee50d14907c18a102095ad7 main_color avia-section-default avia-no-border-styling  avia-builder-el-0  el_before_av_section  avia-builder-el-first  avia-full-stretch avia-bg-style-scroll av-minimum-height av-minimum-height-custom av-height-custom  container_wrap fullsize'  data-section-bg-repeat='stretch' data-av_minimum_height_px='500'><div class='container av-section-cont-open' style='height:500px'><main  role=\"main\" itemprop=\"mainContentOfPage\"  class='template-page content  av-content-full alpha units'><div class='post-entry post-entry-type-page post-entry-1332'><div class='entry-content-wrapper clearfix'>\n<\/div><\/div><\/main><!-- close content main element --><\/div><\/div>\n<style type=\"text\/css\" data-created_by=\"avia_inline_auto\" id=\"style-css-av-8z3ayy-55c61d7587290a1d415c28d13f808113\">\n.avia-section.av-8z3ayy-55c61d7587290a1d415c28d13f808113{\nbackground-color:#fcfcfc;\nbackground-image:unset;\n}\n.avia-section.av-8z3ayy-55c61d7587290a1d415c28d13f808113 .av-extra-border-element .av-extra-border-inner{\nbackground-color:#ffffff;\n}\n<\/style>\n<div id='av_section_2'  class='avia-section av-8z3ayy-55c61d7587290a1d415c28d13f808113 main_color avia-section-huge avia-no-border-styling  avia-builder-el-1  el_after_av_section  el_before_av_section  avia-bg-style-scroll container_wrap fullsize'  ><div class='container av-section-cont-open' ><div class='template-page content  av-content-full alpha units'><div class='post-entry post-entry-type-page post-entry-1332'><div class='entry-content-wrapper clearfix'>\n\n<style type=\"text\/css\" data-created_by=\"avia_inline_auto\" id=\"style-css-av-8wgb7u-40681dad28a44ab98e3d0da658890189\">\n#top .av-special-heading.av-8wgb7u-40681dad28a44ab98e3d0da658890189{\npadding-bottom:0;\nfont-size:40px;\n}\nbody .av-special-heading.av-8wgb7u-40681dad28a44ab98e3d0da658890189 .av-special-heading-tag .heading-char{\nfont-size:25px;\n}\n#top #wrap_all .av-special-heading.av-8wgb7u-40681dad28a44ab98e3d0da658890189 .av-special-heading-tag{\nfont-size:40px;\n}\n.av-special-heading.av-8wgb7u-40681dad28a44ab98e3d0da658890189 .av-subheading{\nfont-size:15px;\n}\n\n@media only screen and (min-width: 480px) and (max-width: 767px){ \n#top #wrap_all .av-special-heading.av-8wgb7u-40681dad28a44ab98e3d0da658890189 .av-special-heading-tag{\nfont-size:0.8em;\n}\n}\n\n@media only screen and (max-width: 479px){ \n#top #wrap_all .av-special-heading.av-8wgb7u-40681dad28a44ab98e3d0da658890189 .av-special-heading-tag{\nfont-size:0.8em;\n}\n}\n<\/style>\n<div  class='av-special-heading av-8wgb7u-40681dad28a44ab98e3d0da658890189 av-special-heading-h1 blockquote modern-quote modern-centered  avia-builder-el-2  el_before_av_one_fifth  avia-builder-el-first  av-inherit-size'><h1 class='av-special-heading-tag '  itemprop=\"headline\"  >Biography<\/h1><div class=\"special-heading-border\"><div class=\"special-heading-inner-border\"><\/div><\/div><\/div>\n\n<style type=\"text\/css\" data-created_by=\"avia_inline_auto\" id=\"style-css-av-rl6qy-e88ac227453f7d93615477f063d8ab9e\">\n.flex_column.av-rl6qy-e88ac227453f7d93615477f063d8ab9e{\nborder-radius:0px 0px 0px 0px;\npadding:0px 0px 0px 0px;\n}\n<\/style>\n<div  class='flex_column av-rl6qy-e88ac227453f7d93615477f063d8ab9e av_one_fifth  avia-builder-el-3  el_after_av_heading  el_before_av_three_fifth  first flex_column_div av-zero-column-padding  '     ><\/div>\n<style type=\"text\/css\" data-created_by=\"avia_inline_auto\" id=\"style-css-av-lo4zu-ba9a75db63da9b87f955b5b5da036c74\">\n.flex_column.av-lo4zu-ba9a75db63da9b87f955b5b5da036c74{\nborder-radius:0px 0px 0px 0px;\npadding:0px 0px 0px 0px;\n}\n<\/style>\n<div  class='flex_column av-lo4zu-ba9a75db63da9b87f955b5b5da036c74 av_three_fifth  avia-builder-el-4  el_after_av_one_fifth  el_before_av_one_fifth  flex_column_div av-zero-column-padding  '     ><style type=\"text\/css\" data-created_by=\"avia_inline_auto\" id=\"style-css-av-kpvfmkk5-7742b2cba1c5f5c81d320577edf0f5fd\">\n#top .hr.av-kpvfmkk5-7742b2cba1c5f5c81d320577edf0f5fd{\nmargin-top:30px;\nmargin-bottom:30px;\n}\n.hr.av-kpvfmkk5-7742b2cba1c5f5c81d320577edf0f5fd .hr-inner{\nwidth:50px;\nmax-width:45%;\n}\n.hr.av-kpvfmkk5-7742b2cba1c5f5c81d320577edf0f5fd .av-seperator-icon{\ncolor:#ba001f;\n}\n.hr.av-kpvfmkk5-7742b2cba1c5f5c81d320577edf0f5fd .av-seperator-icon.avia-svg-icon svg:first-child{\nfill:#ba001f;\nstroke:#ba001f;\n}\n<\/style>\n<div  class='hr av-kpvfmkk5-7742b2cba1c5f5c81d320577edf0f5fd hr-custom  avia-builder-el-5  avia-builder-el-no-sibling  hr-center hr-icon-yes'><span class='hr-inner inner-border-av-border-thin'><span class=\"hr-inner-style\"><\/span><\/span><span class='av-seperator-icon avia-iconfont avia-font-entypo-fontello' data-av_icon='\ue8bd' data-av_iconfont='entypo-fontello' ><\/span><span class='hr-inner inner-border-av-border-thin'><span class=\"hr-inner-style\"><\/span><\/span><\/div><\/div>\n<style type=\"text\/css\" data-created_by=\"avia_inline_auto\" id=\"style-css-av-ehcmy-db261d75efe87d0e070765a571317d02\">\n.flex_column.av-ehcmy-db261d75efe87d0e070765a571317d02{\nborder-radius:0px 0px 0px 0px;\npadding:0px 0px 0px 0px;\n}\n<\/style>\n<div  class='flex_column av-ehcmy-db261d75efe87d0e070765a571317d02 av_one_fifth  avia-builder-el-6  el_after_av_three_fifth  avia-builder-el-last  flex_column_div av-zero-column-padding  '     ><\/div>\n\n<\/div><\/div><\/div><!-- close content main div --><\/div><div class='av-extra-border-element border-extra-diagonal  diagonal-box-shadow'><div class='av-extra-border-outer'><div class='av-extra-border-inner'><\/div><\/div><\/div><\/div>\n<style type=\"text\/css\" data-created_by=\"avia_inline_auto\" id=\"style-css-av-kpveh1g5-be17990c2d1202bed6ba00123ef92091\">\n.avia-section.av-kpveh1g5-be17990c2d1202bed6ba00123ef92091{\nbackground-color:#ffffff;\nbackground-image:unset;\nmargin-top:0px;\nmargin-bottom:0px;\n}\n.avia-section.av-kpveh1g5-be17990c2d1202bed6ba00123ef92091 .av-extra-border-element .av-extra-border-inner{\nbackground-color:#fcfcfc;\n}\n<\/style>\n<div id='av_section_3'  class='avia-section av-kpveh1g5-be17990c2d1202bed6ba00123ef92091 main_color avia-section-large avia-no-border-styling  avia-builder-el-7  el_after_av_section  el_before_av_section  avia-bg-style-scroll container_wrap fullsize'  ><div class='container av-section-cont-open' ><div class='template-page content  av-content-full alpha units'><div class='post-entry post-entry-type-page post-entry-1332'><div class='entry-content-wrapper clearfix'>\n\n<style type=\"text\/css\" data-created_by=\"avia_inline_auto\" id=\"style-css-av-kpveganq-5bc403cd0287e2d8475001729565700f\">\n.flex_column.av-kpveganq-5bc403cd0287e2d8475001729565700f{\nborder-radius:0px 0px 0px 0px;\npadding:0px 0px 0px 0px;\n}\n<\/style>\n<div  class='flex_column av-kpveganq-5bc403cd0287e2d8475001729565700f av_one_third  avia-builder-el-8  el_before_av_one_third  avia-builder-el-first  first flex_column_div av-animated-generic bottom-to-top av-zero-column-padding  '     ><p>\n<style type=\"text\/css\" data-created_by=\"avia_inline_auto\" id=\"style-css-av-7govvu-8ed28ea29b3f8e541817b7c45b1a5d8f\">\n#top .av-special-heading.av-7govvu-8ed28ea29b3f8e541817b7c45b1a5d8f{\npadding-bottom:0;\n}\nbody .av-special-heading.av-7govvu-8ed28ea29b3f8e541817b7c45b1a5d8f .av-special-heading-tag .heading-char{\nfont-size:25px;\n}\n.av-special-heading.av-7govvu-8ed28ea29b3f8e541817b7c45b1a5d8f .av-subheading{\nfont-size:15px;\n}\n<\/style>\n<div  class='av-special-heading av-7govvu-8ed28ea29b3f8e541817b7c45b1a5d8f av-special-heading-h2 blockquote modern-quote  avia-builder-el-9  el_before_av_hr  avia-builder-el-first '><h2 class='av-special-heading-tag '  itemprop=\"headline\"  >Education<\/h2><div class=\"special-heading-border\"><div class=\"special-heading-inner-border\"><\/div><\/div><\/div><br \/>\n\n<style type=\"text\/css\" data-created_by=\"avia_inline_auto\" id=\"style-css-av-krte8pa8-0f78c26a2e445a5d1abbc2ce8b997212\">\n#top .hr.av-krte8pa8-0f78c26a2e445a5d1abbc2ce8b997212{\nmargin-top:10px;\nmargin-bottom:10px;\n}\n.hr.av-krte8pa8-0f78c26a2e445a5d1abbc2ce8b997212 .hr-inner{\nwidth:300px;\n}\n<\/style>\n<div  class='hr av-krte8pa8-0f78c26a2e445a5d1abbc2ce8b997212 hr-custom  avia-builder-el-10  el_after_av_heading  el_before_av_textblock  hr-left hr-icon-no'><span class='hr-inner inner-border-av-border-thin'><span class=\"hr-inner-style\"><\/span><\/span><\/div><br \/>\n<section  class='av_textblock_section av-7fmnca-24f2ed6a34ba258e4e6a59db95aaf2ec '   itemscope=\"itemscope\" itemtype=\"https:\/\/schema.org\/CreativeWork\" ><div class='avia_textblock'  itemprop=\"text\" ><p><strong>PROFESSIONAL TRAINING<\/strong><\/p>\n<ul>\n<li><strong>Bilbao Conservatory.<\/strong><\/li>\n<li><strong>Madrid School of Singing.<\/strong><\/li>\n<li><strong>Barcelona Lyceum.<\/strong><\/li>\n<\/ul>\n<\/div><\/section><br \/>\n<section  class='av_textblock_section av-mh39bmkq-7ab16cbc9631813b62d245cfcb58d80e '   itemscope=\"itemscope\" itemtype=\"https:\/\/schema.org\/CreativeWork\" ><div class='avia_textblock'  itemprop=\"text\" ><p><strong>COURSES<\/strong><\/p>\n<ul>\n<li><strong>Singing Course &#8211; VI Meeting of Art and Culture<\/strong> \u2013 UPV \/ EHU. 2005<\/li>\n<li><strong>Advanced Course with Sergio Bertochi and Marco Bellei<\/strong> \u2013 Universal Center of Bel Canto (Italy) 2003<\/li>\n<li><strong>Advanced Course with Mirella Freni<\/strong> \u2013 Modena (Italy) 2004<\/li>\n<li><strong>Vocal Rehabilitation Training Course<\/strong> with speech therapist Gemma Sol\u00e1. 2023<\/li>\n<\/ul>\n<\/div><\/section><br \/>\n<section  class='av_textblock_section av-mh39fjry-05d7451466ece970ac70334c800a4c13 '   itemscope=\"itemscope\" itemtype=\"https:\/\/schema.org\/CreativeWork\" ><div class='avia_textblock'  itemprop=\"text\" ><p><strong>SINGING MASTERCLASSES<\/strong><\/p>\n<ul>\n<li><strong>Maestro Felix Lavilla.<\/strong> 2007-2012<\/li>\n<li><strong>Teresa Berganza.<\/strong> Masterclass\u00a0 2009<\/li>\n<li><strong>Sophie Koch.<\/strong> Masterclass 2010-2012<\/li>\n<\/ul>\n<\/div><\/section><br \/>\n\n<style type=\"text\/css\" data-created_by=\"avia_inline_auto\" id=\"style-css-av-kpvez4ob-e3cbc5928c58f379ce9f2896b60add5f\">\n#top .hr.hr-invisible.av-kpvez4ob-e3cbc5928c58f379ce9f2896b60add5f{\nheight:20px;\n}\n<\/style>\n<div  class='hr av-kpvez4ob-e3cbc5928c58f379ce9f2896b60add5f hr-invisible  avia-builder-el-14  el_after_av_textblock  avia-builder-el-last '><span class='hr-inner '><span class=\"hr-inner-style\"><\/span><\/span><\/div><\/p><\/div>\n<style type=\"text\/css\" data-created_by=\"avia_inline_auto\" id=\"style-css-av-kpveglgt-a45f38703a30286bf2710eb62432b33f\">\n.flex_column.av-kpveglgt-a45f38703a30286bf2710eb62432b33f{\nborder-radius:0px 0px 0px 0px;\npadding:0px 0px 0px 0px;\n}\n<\/style>\n<div  class='flex_column av-kpveglgt-a45f38703a30286bf2710eb62432b33f av_one_third  avia-builder-el-15  el_after_av_one_third  el_before_av_one_third  flex_column_div av-animated-generic bottom-to-top av-zero-column-padding  '     ><p>\n<style type=\"text\/css\" data-created_by=\"avia_inline_auto\" id=\"style-css-av-50pif6-9a4256e0a51d59d9ad5f3a967756dd1c\">\n#top .av-special-heading.av-50pif6-9a4256e0a51d59d9ad5f3a967756dd1c{\npadding-bottom:0;\n}\nbody .av-special-heading.av-50pif6-9a4256e0a51d59d9ad5f3a967756dd1c .av-special-heading-tag .heading-char{\nfont-size:25px;\n}\n.av-special-heading.av-50pif6-9a4256e0a51d59d9ad5f3a967756dd1c .av-subheading{\nfont-size:15px;\n}\n<\/style>\n<div  class='av-special-heading av-50pif6-9a4256e0a51d59d9ad5f3a967756dd1c av-special-heading-h2 blockquote modern-quote  avia-builder-el-16  el_before_av_hr  avia-builder-el-first '><h2 class='av-special-heading-tag '  itemprop=\"headline\"  >Concerts and oratorios<\/h2><div class=\"special-heading-border\"><div class=\"special-heading-inner-border\"><\/div><\/div><\/div><br \/>\n\n<style type=\"text\/css\" data-created_by=\"avia_inline_auto\" id=\"style-css-av-8snt6-2a57f40109a0e19d710e960523cba92e\">\n#top .hr.av-8snt6-2a57f40109a0e19d710e960523cba92e{\nmargin-top:10px;\nmargin-bottom:10px;\n}\n.hr.av-8snt6-2a57f40109a0e19d710e960523cba92e .hr-inner{\nwidth:300px;\n}\n<\/style>\n<div  class='hr av-8snt6-2a57f40109a0e19d710e960523cba92e hr-custom  avia-builder-el-17  el_after_av_heading  el_before_av_textblock  hr-left hr-icon-no'><span class='hr-inner inner-border-av-border-thin'><span class=\"hr-inner-style\"><\/span><\/span><\/div><br \/>\n<section  class='av_textblock_section av-4yi562-57dc4bdeeac9840a68a3f651230a0d2f '   itemscope=\"itemscope\" itemtype=\"https:\/\/schema.org\/CreativeWork\" ><div class='avia_textblock'  itemprop=\"text\" ><p>Maite\u2019s performances at concerts and oratorios include:<\/p>\n<p><strong>\u201cCoronation Mass\u201d<\/strong>\u00a0by Mozart at the Euskalduna Conference Centre and Concert Hall, conducted by Inma Shara and with the Basque National Orchestra.<\/p>\n<p>\u201c<strong>R\u00e9quiem de Mozart\u201d<\/strong>\u00a0in the National Music Auditorium.<\/p>\n<p><strong>\u201cStabat Mater\u201d<\/strong>\u00a0by Pergolesi at Las Rozas Auditorium.<\/p>\n<p><strong>\u201cStabat Mater de Orb\u00e1n Gy\u00f6rgy\u201d<\/strong>\u00a0at Pamplona Cathedral.<\/p>\n<p><strong>\u201cLa passione di Ges\u00f9 Cristo\u201d<\/strong>\u00a0by Salieri at the Bilbao Music Festival conducted by Christoph Spering.<\/p>\n<p><strong>\u201cA Midsummer\u2019s Night Dream\u201d<\/strong>\u00a0by F. Mendelssohn with the RTVE Symphoney Orchestra and Choir at the Monumental Theatre in Madrid.<\/p>\n<p><strong>\u201dRecital of Spanish Music\u201d<\/strong>\u00a0at the Toulouse Summer Festival.<\/p>\n<p><strong>\u201cBeethoven\u2019s Ninth\u201d<\/strong>\u00a0at the National Music Auditorium in Madrid, Euskalduna Concert Hall in Bilbao with the Bilbao Symphony Orchestra (BOS).<\/p>\n<p><strong>\u201dZorba the Greek\u201d<\/strong>\u00a0with the Bilbao Choir and the BOS.<\/p>\n<\/div><\/section><br \/>\n\n<style type=\"text\/css\" data-created_by=\"avia_inline_auto\" id=\"style-css-av-ahlhe-0feaee2be3efe599ea95c71dca7fe744\">\n#top .hr.hr-invisible.av-ahlhe-0feaee2be3efe599ea95c71dca7fe744{\nheight:50px;\n}\n<\/style>\n<div  class='hr av-ahlhe-0feaee2be3efe599ea95c71dca7fe744 hr-invisible  avia-builder-el-19  el_after_av_textblock  avia-builder-el-last '><span class='hr-inner '><span class=\"hr-inner-style\"><\/span><\/span><\/div><\/p><\/div>\n<style type=\"text\/css\" data-created_by=\"avia_inline_auto\" id=\"style-css-av-kpvegfp8-fc8e9582a4e1f32ce15e543bfd4523c5\">\n.flex_column.av-kpvegfp8-fc8e9582a4e1f32ce15e543bfd4523c5{\nborder-radius:0px 0px 0px 0px;\npadding:0px 0px 0px 0px;\n}\n<\/style>\n<div  class='flex_column av-kpvegfp8-fc8e9582a4e1f32ce15e543bfd4523c5 av_one_third  avia-builder-el-20  el_after_av_one_third  avia-builder-el-last  flex_column_div av-animated-generic bottom-to-top av-zero-column-padding  '     ><p>\n<style type=\"text\/css\" data-created_by=\"avia_inline_auto\" id=\"style-css-av-6fwxui-0555fc2592f3ddec30f1ecbc790485b6\">\n#top .av-special-heading.av-6fwxui-0555fc2592f3ddec30f1ecbc790485b6{\npadding-bottom:0;\n}\nbody .av-special-heading.av-6fwxui-0555fc2592f3ddec30f1ecbc790485b6 .av-special-heading-tag .heading-char{\nfont-size:25px;\n}\n.av-special-heading.av-6fwxui-0555fc2592f3ddec30f1ecbc790485b6 .av-subheading{\nfont-size:15px;\n}\n<\/style>\n<div  class='av-special-heading av-6fwxui-0555fc2592f3ddec30f1ecbc790485b6 av-special-heading-h2 blockquote modern-quote  avia-builder-el-21  el_before_av_hr  avia-builder-el-first '><h2 class='av-special-heading-tag '  itemprop=\"headline\"  >Operas<\/h2><div class=\"special-heading-border\"><div class=\"special-heading-inner-border\"><\/div><\/div><\/div><br \/>\n\n<style type=\"text\/css\" data-created_by=\"avia_inline_auto\" id=\"style-css-av-gfzui-8ed8460bdf352999404809f69131d34f\">\n#top .hr.av-gfzui-8ed8460bdf352999404809f69131d34f{\nmargin-top:10px;\nmargin-bottom:10px;\n}\n.hr.av-gfzui-8ed8460bdf352999404809f69131d34f .hr-inner{\nwidth:300px;\n}\n<\/style>\n<div  class='hr av-gfzui-8ed8460bdf352999404809f69131d34f hr-custom  avia-builder-el-22  el_after_av_heading  el_before_av_textblock  hr-left hr-icon-no'><span class='hr-inner inner-border-av-border-thin'><span class=\"hr-inner-style\"><\/span><\/span><\/div><br \/>\n<section  class='av_textblock_section av-67xo0y-4a46d2cdff9d6981de154e36bf68d848 '   itemscope=\"itemscope\" itemtype=\"https:\/\/schema.org\/CreativeWork\" ><div class='avia_textblock'  itemprop=\"text\" ><p>Maite has performed different roles in the following operas:<\/p>\n<p><strong>\u201cLucia di Lammemoor\u201d<\/strong>\u00a0at the P\u00e9rez Gald\u00f3s Theatre in Las Palmas and at the Euskalduna Conference Centre and Concert Hall during the ABAO Bilbao Opera season (2019\/2020)<\/p>\n<p><strong>\u201cL`Isola disabitata\u201d<\/strong>\u00a0by Manuel Garc\u00eda, under the musical direction of Rub\u00e9n Fern\u00e1ndez Aguirre and artistic direction of Emilio Sagi at the Arriaga Theatre in Bilbao and the Santander Festival Palace.<\/p>\n<p><strong>\u201cIl viaggio a Reims\u201d<\/strong>,\u00a0<strong>\u201cWerther\u201d<\/strong>\u00a0and\u00a0<strong>\u201cSuor Angelica\u201d<\/strong>\u00a0at the Royal Theatre of Madrid.<\/p>\n<p><strong>\u201cEl Barbero de Sevilla\u201d<\/strong>\u00a0performing the role of Rosina in Malaga.<\/p>\n<p><strong>\u201cNorma\u201d<\/strong>\u00a0along with Edita Gurberova and Sophie Koch at the Nice Opera House and the Salle Pleyel concert hall in Paris.<\/p>\n<p><strong>\u201cLa vida breve\u201d<\/strong>\u00a0by Falla at the National Music Auditorium in Madrid.<\/p>\n<p><strong>\u201cLa llama\u201d<\/strong>\u00a0by Usandizaga, conducted by Juanjo Oc\u00f3n and with the Basque National Orchestra.<\/p>\n<\/div><\/section><br \/>\n\n<style type=\"text\/css\" data-created_by=\"avia_inline_auto\" id=\"style-css-av-kpvfsvx8-d22b0331efde8ff54c7f8e10aea3cda2\">\n#top .av-special-heading.av-kpvfsvx8-d22b0331efde8ff54c7f8e10aea3cda2{\npadding-bottom:0;\n}\nbody .av-special-heading.av-kpvfsvx8-d22b0331efde8ff54c7f8e10aea3cda2 .av-special-heading-tag .heading-char{\nfont-size:25px;\n}\n.av-special-heading.av-kpvfsvx8-d22b0331efde8ff54c7f8e10aea3cda2 .av-subheading{\nfont-size:15px;\n}\n<\/style>\n<div  class='av-special-heading av-kpvfsvx8-d22b0331efde8ff54c7f8e10aea3cda2 av-special-heading-h2 blockquote modern-quote  avia-builder-el-24  el_after_av_textblock  el_before_av_hr '><h2 class='av-special-heading-tag '  itemprop=\"headline\"  >Prizes<\/h2><div class=\"special-heading-border\"><div class=\"special-heading-inner-border\"><\/div><\/div><\/div><br \/>\n\n<style type=\"text\/css\" data-created_by=\"avia_inline_auto\" id=\"style-css-av-jbove-1f4fc50a05f4c9fc394835599904b06e\">\n#top .hr.av-jbove-1f4fc50a05f4c9fc394835599904b06e{\nmargin-top:10px;\nmargin-bottom:10px;\n}\n.hr.av-jbove-1f4fc50a05f4c9fc394835599904b06e .hr-inner{\nwidth:300px;\n}\n<\/style>\n<div  class='hr av-jbove-1f4fc50a05f4c9fc394835599904b06e hr-custom  avia-builder-el-25  el_after_av_heading  el_before_av_textblock  hr-left hr-icon-no'><span class='hr-inner inner-border-av-border-thin'><span class=\"hr-inner-style\"><\/span><\/span><\/div><br \/>\n<section  class='av_textblock_section av-kpvftdok-b0c803a57fbe97939aabbedc30f5927b '   itemscope=\"itemscope\" itemtype=\"https:\/\/schema.org\/CreativeWork\" ><div class='avia_textblock'  itemprop=\"text\" ><p>In 2007, Maite took <strong>first prize<\/strong> at the <strong>\u201cCiudad de Logro\u00f1o\u201d International Singing Contest <\/strong>and was selected for the \u201cOperalia 2008\u201d Singing Contest in Quebec, organised by Pl\u00e1cido Domingo.<\/p>\n<\/div><\/section><br \/>\n\n<style type=\"text\/css\" data-created_by=\"avia_inline_auto\" id=\"style-css-av-8ywci-1ddc66a6247d64174a9ccff30ff9b78d\">\n#top .hr.hr-invisible.av-8ywci-1ddc66a6247d64174a9ccff30ff9b78d{\nheight:50px;\n}\n<\/style>\n<div  class='hr av-8ywci-1ddc66a6247d64174a9ccff30ff9b78d hr-invisible  avia-builder-el-27  el_after_av_textblock  avia-builder-el-last '><span class='hr-inner '><span class=\"hr-inner-style\"><\/span><\/span><\/div><\/p><\/div><\/div><\/div><\/div><!-- close content main div --><\/div><div class='av-extra-border-element border-extra-diagonal  diagonal-box-shadow'><div class='av-extra-border-outer'><div class='av-extra-border-inner'><\/div><\/div><\/div><\/div>\n<style type=\"text\/css\" data-created_by=\"avia_inline_auto\" id=\"style-css-av-19wjmq-1b3c26b9919ec529baae318cc1a503bb\">\n.avia-section.av-19wjmq-1b3c26b9919ec529baae318cc1a503bb{\nbackground-color:#fcfcfc;\nbackground-image:unset;\n}\n<\/style>\n<div id='av_section_4'  class='avia-section av-19wjmq-1b3c26b9919ec529baae318cc1a503bb alternate_color avia-section-huge avia-no-border-styling  avia-builder-el-28  el_after_av_section  el_before_av_slideshow_accordion  avia-bg-style-scroll container_wrap fullsize'  ><div class='container av-section-cont-open' ><div class='template-page content  av-content-full alpha units'><div class='post-entry post-entry-type-page post-entry-1332'><div class='entry-content-wrapper clearfix'>\n\n<style type=\"text\/css\" data-created_by=\"avia_inline_auto\" id=\"style-css-av-14jvoa-8835ad1bb2536c05e094f0ee3fd98bae\">\n.flex_column.av-14jvoa-8835ad1bb2536c05e094f0ee3fd98bae{\nborder-radius:0px 0px 0px 0px;\npadding:0px 0px 0px 0px;\n}\n<\/style>\n<div  class='flex_column av-14jvoa-8835ad1bb2536c05e094f0ee3fd98bae av_one_fifth  avia-builder-el-29  el_before_av_three_fifth  avia-builder-el-first  first flex_column_div av-zero-column-padding  '     ><\/div>\n<style type=\"text\/css\" data-created_by=\"avia_inline_auto\" id=\"style-css-av-31z82-19a6c00aff9f5fb57ebd7aa2645e37f8\">\n.flex_column.av-31z82-19a6c00aff9f5fb57ebd7aa2645e37f8{\nborder-radius:0px 0px 0px 0px;\npadding:0px 0px 0px 0px;\n}\n<\/style>\n<div  class='flex_column av-31z82-19a6c00aff9f5fb57ebd7aa2645e37f8 av_three_fifth  avia-builder-el-30  el_after_av_one_fifth  el_before_av_one_fifth  flex_column_div av-animated-generic left-to-right av-zero-column-padding  '     ><style type=\"text\/css\" data-created_by=\"avia_inline_auto\" id=\"style-css-av-kpveuutp-e9ab6b27c0eeec9a6ab3a110af6167db\">\n#top .av-special-heading.av-kpveuutp-e9ab6b27c0eeec9a6ab3a110af6167db{\npadding-bottom:20px;\nfont-size:28px;\n}\nbody .av-special-heading.av-kpveuutp-e9ab6b27c0eeec9a6ab3a110af6167db .av-special-heading-tag .heading-char{\nfont-size:25px;\n}\n#top #wrap_all .av-special-heading.av-kpveuutp-e9ab6b27c0eeec9a6ab3a110af6167db .av-special-heading-tag{\nfont-size:28px;\n}\n.av-special-heading.av-kpveuutp-e9ab6b27c0eeec9a6ab3a110af6167db .av-subheading{\nfont-size:15px;\n}\n\n@media only screen and (min-width: 480px) and (max-width: 767px){ \n#top #wrap_all .av-special-heading.av-kpveuutp-e9ab6b27c0eeec9a6ab3a110af6167db .av-special-heading-tag{\nfont-size:0.8em;\n}\n}\n\n@media only screen and (max-width: 479px){ \n#top #wrap_all .av-special-heading.av-kpveuutp-e9ab6b27c0eeec9a6ab3a110af6167db .av-special-heading-tag{\nfont-size:0.8em;\n}\n}\n<\/style>\n<div  class='av-special-heading av-kpveuutp-e9ab6b27c0eeec9a6ab3a110af6167db av-special-heading-h3 blockquote classic-quote  avia-builder-el-31  avia-builder-el-no-sibling  av-inherit-size'><h3 class='av-special-heading-tag '  itemprop=\"headline\"  ><span class='special_amp'>\u201c<\/span>Music has always been a part of my life<span class='special_amp'>\u201d<\/span><\/h3><div class=\"special-heading-border\"><div class=\"special-heading-inner-border\"><\/div><\/div><\/div><\/div>\n<style type=\"text\/css\" data-created_by=\"avia_inline_auto\" id=\"style-css-av-tnci2-88410cb2f877c2510531fd8052b8d4de\">\n.flex_column.av-tnci2-88410cb2f877c2510531fd8052b8d4de{\nborder-radius:0px 0px 0px 0px;\npadding:0px 0px 0px 0px;\n}\n<\/style>\n<div  class='flex_column av-tnci2-88410cb2f877c2510531fd8052b8d4de av_one_fifth  avia-builder-el-32  el_after_av_three_fifth  avia-builder-el-last  flex_column_div av-zero-column-padding  '     ><\/div>\n<\/p>\n\n<style type=\"text\/css\" data-created_by=\"avia_inline_auto\" id=\"style-css-av-kpveijx1-2017d466446f4c22613c4b3051d5c5c2\">\n.avia-accordion.av-kpveijx1-2017d466446f4c22613c4b3051d5c5c2{\nmax-height:375px;\n}\n.avia-accordion.av-kpveijx1-2017d466446f4c22613c4b3051d5c5c2 .aviaccordion-preview{\nwidth:34.1%;\n}\n.avia-accordion .aviaccordion-slide.av-kpveijx1-2017d466446f4c22613c4b3051d5c5c2__0{\nleft:0%;\n}\n.avia-accordion .aviaccordion-slide.av-kpveijx1-2017d466446f4c22613c4b3051d5c5c2__1{\nleft:33.333333333333%;\n}\n.avia-accordion .aviaccordion-slide.av-kpveijx1-2017d466446f4c22613c4b3051d5c5c2__2{\nleft:66.666666666667%;\n}\n<\/style>\n<div  id=\"accordion_slider_1\"  class='aviaccordion avia-accordion av-kpveijx1-2017d466446f4c22613c4b3051d5c5c2 aviaccordion-title-active av-slideshow-manual av-loop-once ' data-slideshow-options=\"{&quot;interval&quot;:5,&quot;autoplay&quot;:false,&quot;loop_autoplay&quot;:&quot;once&quot;}\"  itemscope=\"itemscope\" itemtype=\"https:\/\/schema.org\/Blog\" ><ul class=\"aviaccordion-inner\"><li class='aviaccordion-slide av-kpveijx1-2017d466446f4c22613c4b3051d5c5c2__0 aviaccordion-slide-1' data-av-left='0'  itemscope=\"itemscope\" itemtype=\"https:\/\/schema.org\/CreativeWork\" ><a class='aviaccordion-slide-link noHover' href=\"https:\/\/maitemaruri.com\/wp-content\/uploads\/2021\/08\/lisola-disabitata-produccion-de-emilio-sagi-en-el-teatro-arriaga-3-1500x998.jpg\" data-srcset=\"https:\/\/maitemaruri.com\/wp-content\/uploads\/2021\/08\/lisola-disabitata-produccion-de-emilio-sagi-en-el-teatro-arriaga-3-1500x998.jpg 1500w, https:\/\/maitemaruri.com\/wp-content\/uploads\/2021\/08\/lisola-disabitata-produccion-de-emilio-sagi-en-el-teatro-arriaga-3-600x399.jpg 600w, https:\/\/maitemaruri.com\/wp-content\/uploads\/2021\/08\/lisola-disabitata-produccion-de-emilio-sagi-en-el-teatro-arriaga-3-768x511.jpg 768w, https:\/\/maitemaruri.com\/wp-content\/uploads\/2021\/08\/lisola-disabitata-produccion-de-emilio-sagi-en-el-teatro-arriaga-3-1536x1022.jpg 1536w, https:\/\/maitemaruri.com\/wp-content\/uploads\/2021\/08\/lisola-disabitata-produccion-de-emilio-sagi-en-el-teatro-arriaga-3-705x469.jpg 705w, https:\/\/maitemaruri.com\/wp-content\/uploads\/2021\/08\/lisola-disabitata-produccion-de-emilio-sagi-en-el-teatro-arriaga-3.jpg 1600w\" data-sizes=\"(max-width: 1030px) 100vw, 1030px\"  title=\"L&#8217;isola Disabitata, production by Emilio Sagi at the Teatro Arriaga 3\" ><div class='aviaccordion-preview '><\/div><img loading=\"lazy\" decoding=\"async\" width=\"710\" height=\"375\" src=\"https:\/\/maitemaruri.com\/wp-content\/uploads\/2021\/08\/lisola-disabitata-produccion-de-emilio-sagi-en-el-teatro-arriaga-3-710x375.jpg\" class=\"aviaccordion-image\" alt=\"\" \/><\/a><\/li><li class='aviaccordion-slide av-kpveijx1-2017d466446f4c22613c4b3051d5c5c2__1 aviaccordion-slide-2' data-av-left='33.333333333333'  itemscope=\"itemscope\" itemtype=\"https:\/\/schema.org\/CreativeWork\" ><a class='aviaccordion-slide-link noHover' href=\"https:\/\/maitemaruri.com\/wp-content\/uploads\/2021\/06\/Maite-Maruri-opera.jpg\" data-srcset=\"https:\/\/maitemaruri.com\/wp-content\/uploads\/2021\/06\/Maite-Maruri-opera.jpg 900w, https:\/\/maitemaruri.com\/wp-content\/uploads\/2021\/06\/Maite-Maruri-opera-300x200.jpg 300w, https:\/\/maitemaruri.com\/wp-content\/uploads\/2021\/06\/Maite-Maruri-opera-768x512.jpg 768w, https:\/\/maitemaruri.com\/wp-content\/uploads\/2021\/06\/Maite-Maruri-opera-705x470.jpg 705w\" data-sizes=\"(max-width: 900px) 100vw, 900px\"  title=\"Maite Maruri Opera\" alt=\"Maite Maruri Opera\" ><div class='aviaccordion-preview '><\/div><img loading=\"lazy\" decoding=\"async\" width=\"710\" height=\"375\" src=\"https:\/\/maitemaruri.com\/wp-content\/uploads\/2021\/06\/Maite-Maruri-opera-710x375.jpg\" class=\"aviaccordion-image\" alt=\"Maite Maruri Opera\" \/><\/a><\/li><li class='aviaccordion-slide av-kpveijx1-2017d466446f4c22613c4b3051d5c5c2__2 aviaccordion-slide-3' data-av-left='66.666666666667'  itemscope=\"itemscope\" itemtype=\"https:\/\/schema.org\/CreativeWork\" ><a class='aviaccordion-slide-link noHover' href=\"https:\/\/maitemaruri.com\/wp-content\/uploads\/2021\/06\/Maite-Maruri-poema-para-cuerda-y-dos-voces-vilvaldi.jpg\" data-srcset=\"https:\/\/maitemaruri.com\/wp-content\/uploads\/2021\/06\/Maite-Maruri-poema-para-cuerda-y-dos-voces-vilvaldi.jpg 900w, https:\/\/maitemaruri.com\/wp-content\/uploads\/2021\/06\/Maite-Maruri-poema-para-cuerda-y-dos-voces-vilvaldi-300x200.jpg 300w, https:\/\/maitemaruri.com\/wp-content\/uploads\/2021\/06\/Maite-Maruri-poema-para-cuerda-y-dos-voces-vilvaldi-768x512.jpg 768w, https:\/\/maitemaruri.com\/wp-content\/uploads\/2021\/06\/Maite-Maruri-poema-para-cuerda-y-dos-voces-vilvaldi-705x470.jpg 705w\" data-sizes=\"(max-width: 900px) 100vw, 900px\"  title=\"Maite Maruri poem for strings and two voices vivaldi\" alt=\"Maite Maruri poem for strings and two voices vivaldi\" ><div class='aviaccordion-preview '><\/div><img loading=\"lazy\" decoding=\"async\" width=\"710\" height=\"375\" src=\"https:\/\/maitemaruri.com\/wp-content\/uploads\/2021\/06\/Maite-Maruri-poema-para-cuerda-y-dos-voces-vilvaldi-710x375.jpg\" class=\"aviaccordion-image\" alt=\"Maite Maruri poem for strings and two voices vivaldi\" \/><\/a><\/li><\/ul><div class='aviaccordion-spacer' style='padding-bottom:52.816901408451%'><\/div><\/div>\n","protected":false},"excerpt":{"rendered":"","protected":false},"author":1,"featured_media":0,"parent":0,"menu_order":0,"comment_status":"open","ping_status":"open","template":"","meta":{"footnotes":"","_links_to":"","_links_to_target":""},"class_list":["post-1332","page","type-page","status-publish","hentry"],"_links":{"self":[{"href":"https:\/\/maitemaruri.com\/en\/wp-json\/wp\/v2\/pages\/1332","targetHints":{"allow":["GET"]}}],"collection":[{"href":"https:\/\/maitemaruri.com\/en\/wp-json\/wp\/v2\/pages"}],"about":[{"href":"https:\/\/maitemaruri.com\/en\/wp-json\/wp\/v2\/types\/page"}],"author":[{"embeddable":true,"href":"https:\/\/maitemaruri.com\/en\/wp-json\/wp\/v2\/users\/1"}],"replies":[{"embeddable":true,"href":"https:\/\/maitemaruri.com\/en\/wp-json\/wp\/v2\/comments?post=1332"}],"version-history":[{"count":11,"href":"https:\/\/maitemaruri.com\/en\/wp-json\/wp\/v2\/pages\/1332\/revisions"}],"predecessor-version":[{"id":1530,"href":"https:\/\/maitemaruri.com\/en\/wp-json\/wp\/v2\/pages\/1332\/revisions\/1530"}],"wp:attachment":[{"href":"https:\/\/maitemaruri.com\/en\/wp-json\/wp\/v2\/media?parent=1332"}],"curies":[{"name":"wp","href":"https:\/\/api.w.org\/{rel}","templated":true}]}}